{"id":8850,"date":"2015-07-08T14:23:49","date_gmt":"2015-07-08T12:23:49","guid":{"rendered":"https:\/\/www.mates.it\/prodotti\/gewebe-verstarkungen\/"},"modified":"2023-12-15T20:39:48","modified_gmt":"2023-12-15T19:39:48","slug":"faserverstarkungen","status":"publish","type":"page","link":"https:\/\/www.mates.it\/de\/produkte\/faserverstarkungen\/","title":{"rendered":"Faserverst\u00e4rkungen"},"content":{"rendered":"\n<style type=\"text\/css\" data-created_by=\"avia_inline_auto\" id=\"style-css-av-lj9770nx-c49441152330ba8077c0004f916882df\">\n#top .av-special-heading.av-lj9770nx-c49441152330ba8077c0004f916882df{\npadding-bottom:10px;\n}\nbody .av-special-heading.av-lj9770nx-c49441152330ba8077c0004f916882df .av-special-heading-tag .heading-char{\nfont-size:25px;\n}\n.av-special-heading.av-lj9770nx-c49441152330ba8077c0004f916882df .av-subheading{\nfont-size:15px;\n}\n<\/style>\n<div  class='av-special-heading av-lj9770nx-c49441152330ba8077c0004f916882df av-special-heading-h1  avia-builder-el-0  el_before_av_textblock  avia-builder-el-first  custom-h1-title'><h1 class='av-special-heading-tag '  >Faserverst\u00e4rkungen<\/h1><div class=\"special-heading-border\"><div class=\"special-heading-inner-border\"><\/div><\/div><\/div>\n<section  class='av_textblock_section av-lj976w2o-53359debb5f4f1515f0879645c942886 '  ><div class='avia_textblock' ><p>Technische Faserverst\u00e4rkungen kombinieren einen textilen Anteil mit anderen, nicht-textilen Anteilen, d.h. aus verschiedenen Technologien wie z.B. Kunststoffformung und Chemie. Es handelt sich um Produkte und Anwendungen, bei denen der \u00e4sthetische Wert im Vergleich zum strukturellen Verhalten, d. h. der Reaktion auf pr\u00e4zise Werte bestimmter mechanischer Parameter, oft vernachl\u00e4ssigbar ist und bei denen der technisch-technologische Rahmen (Pr\u00fcfung, Normen und Zertifizierung) wichtiger ist als der \u00e4sthetisch-visuelle.<\/p>\n<p>Diese Faserverst\u00e4rkungen werden in der Regel in Kombination mit duroplastischen Harzen (Matrix) verwendet, um hochfeste Verbundwerkstoffe herzustellen, die die St\u00e4rken kombinieren und die Schw\u00e4chen der beiden (oder mehrerer) Komponenten ausgleichen. Die gebr\u00e4uchlichsten sind GFK\/FRP (glasfaserverst\u00e4rkter Kunststoff) und CFK (kohlenstofffaserverst\u00e4rkter Kunststoff), Glasfaser- und Kohlefaserbauteile.<\/p>\n<\/div><\/section>\n<div  class='hr av-av_hr-91d7ccd583a503147498e120fee2ff9b hr-default  avia-builder-el-2  el_after_av_textblock  el_before_av_textblock '><span class='hr-inner '><span class=\"hr-inner-style\"><\/span><\/span><\/div>\n<section  class='av_textblock_section av-av_textblock-7a1af7d8f9790576b1769c0a9f0449ed '  ><div class='avia_textblock' ><div class=\"flex-container container-align-start\"><div class=\"flex-cell cell-1of3 medium-cell-1of2 small-cell-1of1\">\n<article class=\"post-entry slide-entry-overview slide-loop-1 slide-parity-odd real-thumbnail post-format-standard\"\n   itemscope=\"itemscope\" itemtype=\"https:\/\/schema.org\/CreativeWork\">\n   <a href=\"https:\/\/www.mates.it\/de\/produkte\/faserverstarkungen\/kohlefaser\/\" title=\"https:\/\/www.mates.it\/de\/produkte\/faserverstarkungen\/kohlefaser\/\" class=\"attachment-portfolio wp-post-image\"\n      alt=\"Kohlefaser\"><img decoding=\"async\" src=\"https:\/\/www.mates.it\/wp-content\/uploads\/2016\/05\/Fibra-di-carbonio.jpg\" class=\" attachment-portfolio size-portfolio wp-post-image\" alt=\"Kohlefaser\" title=\"\"><\/a>\n   <div class=\"slide-content\">\n      <header class=\"entry-content-header\">\n         <h6 class=\"slide-entry-title entry-title\" itemprop=\"headline\"><a\n            href=\"https:\/\/www.mates.it\/de\/produkte\/faserverstarkungen\/kohlefaser\/\"\n            title=\"New electric cars are getting really fast\">Kohlefaser<\/a><\/h6>\n         <span class=\"av-vertical-delimiter\"><\/span>\n      <\/header>\n      <div class=\"slide-entry-excerpt entry-content\" itemprop=\"text\">\n\t\t  <p>Kohlenstofffasern werden haupts\u00e4chlich zur Verst\u00e4rkung von Verbundwerkstoffen, insbesondere von Polymeren, verwendet. Eine weitere Verwendung ist die \u00e4sthetische Aufwertung verschiedener Konsumg\u00fcter. <\/p>\n \n\t\t  <a href=\"https:\/\/www.mates.it\/de\/produkte\/faserverstarkungen\/kohlefaser\/\" class=\"avia-button avia-icon_select-yes-left-icon avia-size-small avia-position-left avia-color-theme-color-subtle\">\n\t\t\t  Mehr sehen &raquo;\n\t\t  <\/a> \n      <\/div>\n   <\/div>\n   <footer class=\"entry-footer\"><\/footer>\n<\/article>\n\n<\/div><div class=\"flex-cell cell-1of3 medium-cell-1of2 small-cell-1of1\">\n<article class=\"post-entry slide-entry-overview slide-loop-1 slide-parity-odd real-thumbnail post-format-standard\"\n   itemscope=\"itemscope\" itemtype=\"https:\/\/schema.org\/CreativeWork\">\n   <a href=\"https:\/\/www.mates.it\/de\/produkte\/faserverstarkungen\/glasfaser\/\" title=\"https:\/\/www.mates.it\/de\/produkte\/faserverstarkungen\/glasfaser\/\" class=\"attachment-portfolio wp-post-image\"\n      alt=\"Glasfaser\"><img decoding=\"async\" src=\"https:\/\/www.mates.it\/wp-content\/uploads\/2016\/05\/Fibra-di-vetro.jpg\" class=\" attachment-portfolio size-portfolio wp-post-image\" alt=\"Glasfaser\" title=\"\"><\/a>\n   <div class=\"slide-content\">\n      <header class=\"entry-content-header\">\n         <h6 class=\"slide-entry-title entry-title\" itemprop=\"headline\"><a\n            href=\"https:\/\/www.mates.it\/de\/produkte\/faserverstarkungen\/glasfaser\/\"\n            title=\"New electric cars are getting really fast\">Glasfaser<\/a><\/h6>\n         <span class=\"av-vertical-delimiter\"><\/span>\n      <\/header>\n      <div class=\"slide-entry-excerpt entry-content\" itemprop=\"text\">\n\t\t  <p>Glasfasern werden f\u00fcr die Herstellung von Verbundwerkstoffen verwendet. Dabei handelt es sich um kosteng\u00fcnstige, fortschrittliche Konstruktionswerkstoffe, in die mehrere Komponenten integriert werden, um ein fertiges Bauteil.<\/p>\n \n\t\t  <a href=\"https:\/\/www.mates.it\/de\/produkte\/faserverstarkungen\/glasfaser\/\" class=\"avia-button avia-icon_select-yes-left-icon avia-size-small avia-position-left avia-color-theme-color-subtle\">\n\t\t\t  Mehr sehen &raquo;\n\t\t  <\/a> \n      <\/div>\n   <\/div>\n   <footer class=\"entry-footer\"><\/footer>\n<\/article>\n\n<\/div><div class=\"flex-cell cell-1of3 medium-cell-1of2 small-cell-1of1\">\n<article class=\"post-entry slide-entry-overview slide-loop-1 slide-parity-odd real-thumbnail post-format-standard\"\n   itemscope=\"itemscope\" itemtype=\"https:\/\/schema.org\/CreativeWork\">\n   <a href=\"https:\/\/www.mates.it\/de\/produkte\/faserverstarkungen\/aramidfaser\/\" title=\"https:\/\/www.mates.it\/de\/produkte\/faserverstarkungen\/aramidfaser\/\" class=\"attachment-portfolio wp-post-image\"\n      alt=\"Aramidfaser\"><img decoding=\"async\" src=\"https:\/\/www.mates.it\/wp-content\/uploads\/2016\/05\/Fibra-aramidica.jpg\" class=\" attachment-portfolio size-portfolio wp-post-image\" alt=\"Aramidfaser\" title=\"\"><\/a>\n   <div class=\"slide-content\">\n      <header class=\"entry-content-header\">\n         <h6 class=\"slide-entry-title entry-title\" itemprop=\"headline\"><a\n            href=\"https:\/\/www.mates.it\/de\/produkte\/faserverstarkungen\/aramidfaser\/\"\n            title=\"New electric cars are getting really fast\">Aramidfaser<\/a><\/h6>\n         <span class=\"av-vertical-delimiter\"><\/span>\n      <\/header>\n      <div class=\"slide-entry-excerpt entry-content\" itemprop=\"text\">\n\t\t  <p>Aramidfasern, zu denen auch Kevlar\u00ae geh\u00f6rt, sind eine spezielle Gruppe synthetischer Fasern, die aufgrund ihrer chemischen Eigenschaften besonders stark und extrem widerstandsf\u00e4hig gegen Hitze und Reibung sind.<\/p>\n \n\t\t  <a href=\"https:\/\/www.mates.it\/de\/produkte\/faserverstarkungen\/aramidfaser\/\" class=\"avia-button avia-icon_select-yes-left-icon avia-size-small avia-position-left avia-color-theme-color-subtle\">\n\t\t\t  Mehr sehen &raquo;\n\t\t  <\/a> \n      <\/div>\n   <\/div>\n   <footer class=\"entry-footer\"><\/footer>\n<\/article>\n\n<\/div><div class=\"flex-cell cell-1of3 medium-cell-1of2 small-cell-1of1\">\n<article class=\"post-entry slide-entry-overview slide-loop-1 slide-parity-odd real-thumbnail post-format-standard\"\n   itemscope=\"itemscope\" itemtype=\"https:\/\/schema.org\/CreativeWork\">\n   <a href=\"https:\/\/www.mates.it\/de\/produkte\/faserverstarkungen\/hybridfasern\/\" title=\"https:\/\/www.mates.it\/de\/produkte\/faserverstarkungen\/hybridfasern\/\" class=\"attachment-portfolio wp-post-image\"\n      alt=\"Hybridfasern\"><img decoding=\"async\" src=\"https:\/\/www.mates.it\/wp-content\/uploads\/2016\/05\/Fibre-ibride.jpg\" class=\" attachment-portfolio size-portfolio wp-post-image\" alt=\"Hybridfasern\" title=\"\"><\/a>\n   <div class=\"slide-content\">\n      <header class=\"entry-content-header\">\n         <h6 class=\"slide-entry-title entry-title\" itemprop=\"headline\"><a\n            href=\"https:\/\/www.mates.it\/de\/produkte\/faserverstarkungen\/hybridfasern\/\"\n            title=\"New electric cars are getting really fast\">Hybridfasern<\/a><\/h6>\n         <span class=\"av-vertical-delimiter\"><\/span>\n      <\/header>\n      <div class=\"slide-entry-excerpt entry-content\" itemprop=\"text\">\n\t\t  <p>Die Hybridgewebe behalten die mechanischen Eigenschaften der verschiedenen Fasertypen, aus denen sie hergestellt werden, bei und eliminieren gleichzeitig das Risiko der Delamination.<\/p>\n \n\t\t  <a href=\"https:\/\/www.mates.it\/de\/produkte\/faserverstarkungen\/hybridfasern\/\" class=\"avia-button avia-icon_select-yes-left-icon avia-size-small avia-position-left avia-color-theme-color-subtle\">\n\t\t\t  Mehr sehen &raquo;\n\t\t  <\/a> \n      <\/div>\n   <\/div>\n   <footer class=\"entry-footer\"><\/footer>\n<\/article>\n\n<\/div><div class=\"flex-cell cell-1of3 medium-cell-1of2 small-cell-1of1\">\n<article class=\"post-entry slide-entry-overview slide-loop-1 slide-parity-odd real-thumbnail post-format-standard\"\n   itemscope=\"itemscope\" itemtype=\"https:\/\/schema.org\/CreativeWork\">\n   <a href=\"https:\/\/www.mates.it\/de\/produkte\/faserverstarkungen\/andere-fasern\/\" title=\"https:\/\/www.mates.it\/de\/produkte\/faserverstarkungen\/andere-fasern\/\" class=\"attachment-portfolio wp-post-image\"\n      alt=\"Andere fasern\"><img decoding=\"async\" src=\"https:\/\/www.mates.it\/wp-content\/uploads\/2016\/05\/Fibra-poliestere.jpg\" class=\" attachment-portfolio size-portfolio wp-post-image\" alt=\"Andere fasern\" title=\"\"><\/a>\n   <div class=\"slide-content\">\n      <header class=\"entry-content-header\">\n         <h6 class=\"slide-entry-title entry-title\" itemprop=\"headline\"><a\n            href=\"https:\/\/www.mates.it\/de\/produkte\/faserverstarkungen\/andere-fasern\/\"\n            title=\"New electric cars are getting really fast\">Andere fasern<\/a><\/h6>\n         <span class=\"av-vertical-delimiter\"><\/span>\n      <\/header>\n      <div class=\"slide-entry-excerpt entry-content\" itemprop=\"text\">\n\t\t  <p>Zus\u00e4tzlich zu den vielen Fasertypen des Katalogs k\u00f6nnen wir auf Anfrage eine breite Palette von verschiedenen Fasern f\u00fcr jeden spezifischen Gebrauch liefern.<\/p>\n \n\t\t  <a href=\"https:\/\/www.mates.it\/de\/produkte\/faserverstarkungen\/andere-fasern\/\" class=\"avia-button avia-icon_select-yes-left-icon avia-size-small avia-position-left avia-color-theme-color-subtle\">\n\t\t\t  Mehr sehen &raquo;\n\t\t  <\/a> \n      <\/div>\n   <\/div>\n   <footer class=\"entry-footer\"><\/footer>\n<\/article>\n\n<\/div><div class=\"flex-cell cell-1of3 medium-cell-1of2 small-cell-1of1\">\n<article class=\"post-entry slide-entry-overview slide-loop-1 slide-parity-odd real-thumbnail post-format-standard\"\n   itemscope=\"itemscope\" itemtype=\"https:\/\/schema.org\/CreativeWork\">\n   <a href=\"https:\/\/www.mates.it\/de\/produkte\/faserverstarkungen\/hilfs-gewebe\/\" title=\"https:\/\/www.mates.it\/de\/produkte\/faserverstarkungen\/hilfs-gewebe\/\" class=\"attachment-portfolio wp-post-image\"\n      alt=\"Hilfs \u2013 Gewebe\"><img decoding=\"async\" src=\"https:\/\/www.mates.it\/wp-content\/uploads\/2016\/05\/Ausiliari-Tessuti.jpg\" class=\" attachment-portfolio size-portfolio wp-post-image\" alt=\"Hilfs \u2013 Gewebe\" title=\"\"><\/a>\n   <div class=\"slide-content\">\n      <header class=\"entry-content-header\">\n         <h6 class=\"slide-entry-title entry-title\" itemprop=\"headline\"><a\n            href=\"https:\/\/www.mates.it\/de\/produkte\/faserverstarkungen\/hilfs-gewebe\/\"\n            title=\"New electric cars are getting really fast\">Hilfs \u2013 Gewebe<\/a><\/h6>\n         <span class=\"av-vertical-delimiter\"><\/span>\n      <\/header>\n      <div class=\"slide-entry-excerpt entry-content\" itemprop=\"text\">\n\t\t  <p>Um ein optimales Endergebnis zu erzielen, ist es notwendig, mit spezifischen Hilfsmitteln und Ausr\u00fcstungen zu arbeiten, die f\u00fcr die auszuf\u00fchrende Arbeit richtig und geeignet sind.<\/p>\n \n\t\t  <a href=\"https:\/\/www.mates.it\/de\/produkte\/faserverstarkungen\/hilfs-gewebe\/\" class=\"avia-button avia-icon_select-yes-left-icon avia-size-small avia-position-left avia-color-theme-color-subtle\">\n\t\t\t  Mehr sehen &raquo;\n\t\t  <\/a> \n      <\/div>\n   <\/div>\n   <footer class=\"entry-footer\"><\/footer>\n<\/article>\n\n<\/div><\/div\">\n<\/div><\/section>\n","protected":false},"excerpt":{"rendered":"<p>Technische Faserverst\u00e4rkungen kombinieren einen textilen Anteil mit anderen, nicht-textilen Anteilen, d.h. aus verschiedenen Technologien wie z.B. Kunststoffformung und Chemie.<\/p>\n","protected":false},"author":1,"featured_media":7230,"parent":8866,"menu_order":1,"comment_status":"closed","ping_status":"closed","template":"","meta":{"footnotes":""},"class_list":["post-8850","page","type-page","status-publish","has-post-thumbnail","hentry"],"_links":{"self":[{"href":"https:\/\/www.mates.it\/de\/wp-json\/wp\/v2\/pages\/8850","targetHints":{"allow":["GET"]}}],"collection":[{"href":"https:\/\/www.mates.it\/de\/wp-json\/wp\/v2\/pages"}],"about":[{"href":"https:\/\/www.mates.it\/de\/wp-json\/wp\/v2\/types\/page"}],"author":[{"embeddable":true,"href":"https:\/\/www.mates.it\/de\/wp-json\/wp\/v2\/users\/1"}],"replies":[{"embeddable":true,"href":"https:\/\/www.mates.it\/de\/wp-json\/wp\/v2\/comments?post=8850"}],"version-history":[{"count":0,"href":"https:\/\/www.mates.it\/de\/wp-json\/wp\/v2\/pages\/8850\/revisions"}],"up":[{"embeddable":true,"href":"https:\/\/www.mates.it\/de\/wp-json\/wp\/v2\/pages\/8866"}],"wp:featuredmedia":[{"embeddable":true,"href":"https:\/\/www.mates.it\/de\/wp-json\/wp\/v2\/media\/7230"}],"wp:attachment":[{"href":"https:\/\/www.mates.it\/de\/wp-json\/wp\/v2\/media?parent=8850"}],"curies":[{"name":"wp","href":"https:\/\/api.w.org\/{rel}","templated":true}]}}