{"id":9139,"date":"2015-07-08T14:23:49","date_gmt":"2015-07-08T12:23:49","guid":{"rendered":"https:\/\/www.mates.it\/prodotti\/tissus-renforts\/"},"modified":"2023-12-15T20:38:34","modified_gmt":"2023-12-15T19:38:34","slug":"tissus-renforts","status":"publish","type":"page","link":"https:\/\/www.mates.it\/fr\/produits\/tissus-renforts\/","title":{"rendered":"Renforcements"},"content":{"rendered":"<\/p>\n\n<style type=\"text\/css\" data-created_by=\"avia_inline_auto\" id=\"style-css-av-lj975n4i-d5906a8d03753f99ded7649001a6bd2c\">\n#top .av-special-heading.av-lj975n4i-d5906a8d03753f99ded7649001a6bd2c{\npadding-bottom:10px;\n}\nbody .av-special-heading.av-lj975n4i-d5906a8d03753f99ded7649001a6bd2c .av-special-heading-tag .heading-char{\nfont-size:25px;\n}\n.av-special-heading.av-lj975n4i-d5906a8d03753f99ded7649001a6bd2c .av-subheading{\nfont-size:15px;\n}\n<\/style>\n<div  class='av-special-heading av-lj975n4i-d5906a8d03753f99ded7649001a6bd2c av-special-heading-h1  avia-builder-el-0  el_before_av_textblock  avia-builder-el-first  custom-h1-title'><h1 class='av-special-heading-tag '  >Renforcements<\/h1><div class=\"special-heading-border\"><div class=\"special-heading-inner-border\"><\/div><\/div><\/div>\n<section  class='av_textblock_section av-lj975hq2-aa75b36a27fdb99ea2634bcabb1c7f9f '  ><div class='avia_textblock' ><p>Les renforts techniques combinent un contenu textile avec un autre contenu non textile, c&rsquo;est-\u00e0-dire issu de diff\u00e9rentes technologies telles que le moulage plastique et la chimie. Il s&rsquo;agit de produits et d&rsquo;applications pour lesquels la valeur esth\u00e9tique est souvent n\u00e9gligeable par rapport au comportement structurel, c&rsquo;est-\u00e0-dire la r\u00e9ponse \u00e0 des valeurs pr\u00e9cises de certains param\u00e8tres m\u00e9caniques, et pour lesquels le cadre technique (essais, normes et certification) est plus important que le cadre esth\u00e9tique et visuel.<\/p>\n<p>Ces renforts sont g\u00e9n\u00e9ralement utilis\u00e9s en combinaison avec des r\u00e9sines thermodurcissables (matrice) pour produire des composites \u00e0 haute r\u00e9sistance qui combinent les forces et surmontent les faiblesses des deux composants (ou plus). Les plus courants sont le GRP \/ FRP (Glass \/ Fibre Reinforced Plastic) et le CFRP (Carbon Fibre Reinforced Plastic), des composants en fibre de verre et en fibre de carbone.<\/p>\n<\/div><\/section>\n<div  class='hr av-av_hr-91d7ccd583a503147498e120fee2ff9b hr-default  avia-builder-el-2  el_after_av_textblock  el_before_av_textblock '><span class='hr-inner '><span class=\"hr-inner-style\"><\/span><\/span><\/div>\n<section  class='av_textblock_section av-av_textblock-7a1af7d8f9790576b1769c0a9f0449ed '  ><div class='avia_textblock' ><div class=\"flex-container container-align-start\"><div class=\"flex-cell cell-1of3 medium-cell-1of2 small-cell-1of1\">\n<article class=\"post-entry slide-entry-overview slide-loop-1 slide-parity-odd real-thumbnail post-format-standard\"\n   itemscope=\"itemscope\" itemtype=\"https:\/\/schema.org\/CreativeWork\">\n   <a href=\"https:\/\/www.mates.it\/fr\/produits\/tissus-renforts\/fibre-de-carbone\/\" title=\"https:\/\/www.mates.it\/fr\/produits\/tissus-renforts\/fibre-de-carbone\/\" class=\"attachment-portfolio wp-post-image\"\n      alt=\"Fibre de carbone\"><img decoding=\"async\" src=\"https:\/\/www.mates.it\/wp-content\/uploads\/2016\/05\/Fibra-di-carbonio.jpg\" class=\" attachment-portfolio size-portfolio wp-post-image\" alt=\"Fibre de carbone\" title=\"\"><\/a>\n   <div class=\"slide-content\">\n      <header class=\"entry-content-header\">\n         <h6 class=\"slide-entry-title entry-title\" itemprop=\"headline\"><a\n            href=\"https:\/\/www.mates.it\/fr\/produits\/tissus-renforts\/fibre-de-carbone\/\"\n            title=\"New electric cars are getting really fast\">Fibre de carbone<\/a><\/h6>\n         <span class=\"av-vertical-delimiter\"><\/span>\n      <\/header>\n      <div class=\"slide-entry-excerpt entry-content\" itemprop=\"text\">\n\t\t  <p>La fibre de carbone est principalement utilis\u00e9e pour renforcer les mat\u00e9riaux composites, en particulier les polym\u00e8res. Elle est \u00e9galement utilis\u00e9e pour ajouter une valeur esth\u00e9tique \u00e0 divers produits de consommation. <\/p>\n \n\t\t  <a href=\"https:\/\/www.mates.it\/fr\/produits\/tissus-renforts\/fibre-de-carbone\/\" class=\"avia-button avia-icon_select-yes-left-icon avia-size-small avia-position-left avia-color-theme-color-subtle\">\n\t\t\t  Voir plus &raquo;\n\t\t  <\/a> \n      <\/div>\n   <\/div>\n   <footer class=\"entry-footer\"><\/footer>\n<\/article>\n\n<\/div><div class=\"flex-cell cell-1of3 medium-cell-1of2 small-cell-1of1\">\n<article class=\"post-entry slide-entry-overview slide-loop-1 slide-parity-odd real-thumbnail post-format-standard\"\n   itemscope=\"itemscope\" itemtype=\"https:\/\/schema.org\/CreativeWork\">\n   <a href=\"https:\/\/www.mates.it\/fr\/produits\/tissus-renforts\/fibre-de-verre\/\" title=\"https:\/\/www.mates.it\/fr\/produits\/tissus-renforts\/fibre-de-verre\/\" class=\"attachment-portfolio wp-post-image\"\n      alt=\"Fibre de verre\"><img decoding=\"async\" src=\"https:\/\/www.mates.it\/wp-content\/uploads\/2016\/05\/Fibra-di-vetro.jpg\" class=\" attachment-portfolio size-portfolio wp-post-image\" alt=\"Fibre de verre\" title=\"\"><\/a>\n   <div class=\"slide-content\">\n      <header class=\"entry-content-header\">\n         <h6 class=\"slide-entry-title entry-title\" itemprop=\"headline\"><a\n            href=\"https:\/\/www.mates.it\/fr\/produits\/tissus-renforts\/fibre-de-verre\/\"\n            title=\"New electric cars are getting really fast\">Fibre de verre<\/a><\/h6>\n         <span class=\"av-vertical-delimiter\"><\/span>\n      <\/header>\n      <div class=\"slide-entry-excerpt entry-content\" itemprop=\"text\">\n\t\t  <p>La fibre de verre est utilis\u00e9e pour la production de mat\u00e9riaux composites, des mat\u00e9riaux structurels avanc\u00e9s peu co\u00fbteux dans lesquels plusieurs composants sont int\u00e9gr\u00e9s pour produire un \u00e9l\u00e9ment fini.<\/p>\n \n\t\t  <a href=\"https:\/\/www.mates.it\/fr\/produits\/tissus-renforts\/fibre-de-verre\/\" class=\"avia-button avia-icon_select-yes-left-icon avia-size-small avia-position-left avia-color-theme-color-subtle\">\n\t\t\t  Voir plus &raquo;\n\t\t  <\/a> \n      <\/div>\n   <\/div>\n   <footer class=\"entry-footer\"><\/footer>\n<\/article>\n\n<\/div><div class=\"flex-cell cell-1of3 medium-cell-1of2 small-cell-1of1\">\n<article class=\"post-entry slide-entry-overview slide-loop-1 slide-parity-odd real-thumbnail post-format-standard\"\n   itemscope=\"itemscope\" itemtype=\"https:\/\/schema.org\/CreativeWork\">\n   <a href=\"https:\/\/www.mates.it\/fr\/produits\/tissus-renforts\/fibre-aramide\/\" title=\"https:\/\/www.mates.it\/fr\/produits\/tissus-renforts\/fibre-aramide\/\" class=\"attachment-portfolio wp-post-image\"\n      alt=\"Fibre aramide\"><img decoding=\"async\" src=\"https:\/\/www.mates.it\/wp-content\/uploads\/2016\/05\/Fibra-aramidica.jpg\" class=\" attachment-portfolio size-portfolio wp-post-image\" alt=\"Fibre aramide\" title=\"\"><\/a>\n   <div class=\"slide-content\">\n      <header class=\"entry-content-header\">\n         <h6 class=\"slide-entry-title entry-title\" itemprop=\"headline\"><a\n            href=\"https:\/\/www.mates.it\/fr\/produits\/tissus-renforts\/fibre-aramide\/\"\n            title=\"New electric cars are getting really fast\">Fibre aramide<\/a><\/h6>\n         <span class=\"av-vertical-delimiter\"><\/span>\n      <\/header>\n      <div class=\"slide-entry-excerpt entry-content\" itemprop=\"text\">\n\t\t  <p>Les fibres aramides, auxquelles appartient le Kevlar\u00ae, constituent un groupe sp\u00e9cial de fibres synth\u00e9tiques particuli\u00e8rement solides et extr\u00eamement r\u00e9sistantes \u00e0 la chaleur et au frottement en raison de leurs propri\u00e9t\u00e9s chimiques.<\/p>\n \n\t\t  <a href=\"https:\/\/www.mates.it\/fr\/produits\/tissus-renforts\/fibre-aramide\/\" class=\"avia-button avia-icon_select-yes-left-icon avia-size-small avia-position-left avia-color-theme-color-subtle\">\n\t\t\t  Voir plus &raquo;\n\t\t  <\/a> \n      <\/div>\n   <\/div>\n   <footer class=\"entry-footer\"><\/footer>\n<\/article>\n\n<\/div><div class=\"flex-cell cell-1of3 medium-cell-1of2 small-cell-1of1\">\n<article class=\"post-entry slide-entry-overview slide-loop-1 slide-parity-odd real-thumbnail post-format-standard\"\n   itemscope=\"itemscope\" itemtype=\"https:\/\/schema.org\/CreativeWork\">\n   <a href=\"https:\/\/www.mates.it\/fr\/produits\/tissus-renforts\/fibres-hybrides\/\" title=\"https:\/\/www.mates.it\/fr\/produits\/tissus-renforts\/fibres-hybrides\/\" class=\"attachment-portfolio wp-post-image\"\n      alt=\"Fibres hybrides\"><img decoding=\"async\" src=\"https:\/\/www.mates.it\/wp-content\/uploads\/2016\/05\/Fibre-ibride.jpg\" class=\" attachment-portfolio size-portfolio wp-post-image\" alt=\"Fibres hybrides\" title=\"\"><\/a>\n   <div class=\"slide-content\">\n      <header class=\"entry-content-header\">\n         <h6 class=\"slide-entry-title entry-title\" itemprop=\"headline\"><a\n            href=\"https:\/\/www.mates.it\/fr\/produits\/tissus-renforts\/fibres-hybrides\/\"\n            title=\"New electric cars are getting really fast\">Fibres hybrides<\/a><\/h6>\n         <span class=\"av-vertical-delimiter\"><\/span>\n      <\/header>\n      <div class=\"slide-entry-excerpt entry-content\" itemprop=\"text\">\n\t\t  <p>Les tissus hybrides permettent de conserver les caract\u00e9ristiques m\u00e9caniques des diff\u00e9rents types de fibres qui les composent, tout en \u00e9liminant le risque de d\u00e9lamination.<\/p>\n \n\t\t  <a href=\"https:\/\/www.mates.it\/fr\/produits\/tissus-renforts\/fibres-hybrides\/\" class=\"avia-button avia-icon_select-yes-left-icon avia-size-small avia-position-left avia-color-theme-color-subtle\">\n\t\t\t  Voir plus &raquo;\n\t\t  <\/a> \n      <\/div>\n   <\/div>\n   <footer class=\"entry-footer\"><\/footer>\n<\/article>\n\n<\/div><div class=\"flex-cell cell-1of3 medium-cell-1of2 small-cell-1of1\">\n<article class=\"post-entry slide-entry-overview slide-loop-1 slide-parity-odd real-thumbnail post-format-standard\"\n   itemscope=\"itemscope\" itemtype=\"https:\/\/schema.org\/CreativeWork\">\n   <a href=\"https:\/\/www.mates.it\/fr\/produits\/tissus-renforts\/autres-fibres\/\" title=\"https:\/\/www.mates.it\/fr\/produits\/tissus-renforts\/autres-fibres\/\" class=\"attachment-portfolio wp-post-image\"\n      alt=\"Autres fibres\"><img decoding=\"async\" src=\"https:\/\/www.mates.it\/wp-content\/uploads\/2016\/05\/Fibra-poliestere.jpg\" class=\" attachment-portfolio size-portfolio wp-post-image\" alt=\"Autres fibres\" title=\"\"><\/a>\n   <div class=\"slide-content\">\n      <header class=\"entry-content-header\">\n         <h6 class=\"slide-entry-title entry-title\" itemprop=\"headline\"><a\n            href=\"https:\/\/www.mates.it\/fr\/produits\/tissus-renforts\/autres-fibres\/\"\n            title=\"New electric cars are getting really fast\">Autres fibres<\/a><\/h6>\n         <span class=\"av-vertical-delimiter\"><\/span>\n      <\/header>\n      <div class=\"slide-entry-excerpt entry-content\" itemprop=\"text\">\n\t\t  <p>Outre les nombreux types de fibres figurant dans le catalogue, nous pouvons \u00e9galement fournir, sur demande, une vaste gamme de fibres diff\u00e9rentes pour chaque utilisation sp\u00e9cifique.<\/p>\n \n\t\t  <a href=\"https:\/\/www.mates.it\/fr\/produits\/tissus-renforts\/autres-fibres\/\" class=\"avia-button avia-icon_select-yes-left-icon avia-size-small avia-position-left avia-color-theme-color-subtle\">\n\t\t\t  Voir plus &raquo;\n\t\t  <\/a> \n      <\/div>\n   <\/div>\n   <footer class=\"entry-footer\"><\/footer>\n<\/article>\n\n<\/div><div class=\"flex-cell cell-1of3 medium-cell-1of2 small-cell-1of1\">\n<article class=\"post-entry slide-entry-overview slide-loop-1 slide-parity-odd real-thumbnail post-format-standard\"\n   itemscope=\"itemscope\" itemtype=\"https:\/\/schema.org\/CreativeWork\">\n   <a href=\"https:\/\/www.mates.it\/fr\/produits\/tissus-renforts\/auxiliaires-tissus\/\" title=\"https:\/\/www.mates.it\/fr\/produits\/tissus-renforts\/auxiliaires-tissus\/\" class=\"attachment-portfolio wp-post-image\"\n      alt=\"Auxiliaires \u2013 Tissus\"><img decoding=\"async\" src=\"https:\/\/www.mates.it\/wp-content\/uploads\/2016\/05\/Ausiliari-Tessuti.jpg\" class=\" attachment-portfolio size-portfolio wp-post-image\" alt=\"Auxiliaires \u2013 Tissus\" title=\"\"><\/a>\n   <div class=\"slide-content\">\n      <header class=\"entry-content-header\">\n         <h6 class=\"slide-entry-title entry-title\" itemprop=\"headline\"><a\n            href=\"https:\/\/www.mates.it\/fr\/produits\/tissus-renforts\/auxiliaires-tissus\/\"\n            title=\"New electric cars are getting really fast\">Auxiliaires \u2013 Tissus<\/a><\/h6>\n         <span class=\"av-vertical-delimiter\"><\/span>\n      <\/header>\n      <div class=\"slide-entry-excerpt entry-content\" itemprop=\"text\">\n\t\t  <p>Pour obtenir le meilleur r\u00e9sultat final, il est n\u00e9cessaire de travailler avec des outils et des \u00e9quipements auxiliaires sp\u00e9cifiques, corrects et adapt\u00e9s au travail \u00e0 effectuer.<\/p>\n \n\t\t  <a href=\"https:\/\/www.mates.it\/fr\/produits\/tissus-renforts\/auxiliaires-tissus\/\" class=\"avia-button avia-icon_select-yes-left-icon avia-size-small avia-position-left avia-color-theme-color-subtle\">\n\t\t\t  Voir plus &raquo;\n\t\t  <\/a> \n      <\/div>\n   <\/div>\n   <footer class=\"entry-footer\"><\/footer>\n<\/article>\n\n<\/div><\/div\">\n<\/div><\/section>\n","protected":false},"excerpt":{"rendered":"<p>Les renforts techniques combinent un contenu textile avec un autre contenu non textile, c&rsquo;est-\u00e0-dire issu de diff\u00e9rentes technologies telles que le moulage plastique et la chimie. <\/p>\n","protected":false},"author":1,"featured_media":7229,"parent":9155,"menu_order":1,"comment_status":"closed","ping_status":"closed","template":"","meta":{"footnotes":""},"class_list":["post-9139","page","type-page","status-publish","has-post-thumbnail","hentry"],"_links":{"self":[{"href":"https:\/\/www.mates.it\/fr\/wp-json\/wp\/v2\/pages\/9139","targetHints":{"allow":["GET"]}}],"collection":[{"href":"https:\/\/www.mates.it\/fr\/wp-json\/wp\/v2\/pages"}],"about":[{"href":"https:\/\/www.mates.it\/fr\/wp-json\/wp\/v2\/types\/page"}],"author":[{"embeddable":true,"href":"https:\/\/www.mates.it\/fr\/wp-json\/wp\/v2\/users\/1"}],"replies":[{"embeddable":true,"href":"https:\/\/www.mates.it\/fr\/wp-json\/wp\/v2\/comments?post=9139"}],"version-history":[{"count":0,"href":"https:\/\/www.mates.it\/fr\/wp-json\/wp\/v2\/pages\/9139\/revisions"}],"up":[{"embeddable":true,"href":"https:\/\/www.mates.it\/fr\/wp-json\/wp\/v2\/pages\/9155"}],"wp:featuredmedia":[{"embeddable":true,"href":"https:\/\/www.mates.it\/fr\/wp-json\/wp\/v2\/media\/7229"}],"wp:attachment":[{"href":"https:\/\/www.mates.it\/fr\/wp-json\/wp\/v2\/media?parent=9139"}],"curies":[{"name":"wp","href":"https:\/\/api.w.org\/{rel}","templated":true}]}}